{"id":755,"date":"2023-09-07T14:11:33","date_gmt":"2023-09-07T12:11:33","guid":{"rendered":"https:\/\/roosevelt.rexturbohosting.com\/?page_id=755"},"modified":"2024-07-23T10:21:22","modified_gmt":"2024-07-23T08:21:22","slug":"geschiedenis","status":"publish","type":"page","link":"https:\/\/www.hoteltheroosevelt.com\/de\/over-ons\/geschiedenis\/","title":{"rendered":"Geschichte"},"content":{"rendered":"<div data-elementor-type=\"wp-page\" data-elementor-id=\"755\" class=\"elementor elementor-755\" data-elementor-post-type=\"page\">\n\t\t\t\t\t\t<section class=\"elementor-section elementor-top-section elementor-element elementor-element-91eeceb elementor-section-content-middle elementor-section-boxed elementor-section-height-default elementor-section-height-default\" data-id=\"91eeceb\" data-element_type=\"section\" data-e-type=\"section\">\n\t\t\t\t\t\t<div class=\"elementor-container elementor-column-gap-wide\">\n\t\t\t\t\t<div class=\"elementor-column elementor-col-50 elementor-top-column elementor-element elementor-element-de6ec23\" data-id=\"de6ec23\" data-element_type=\"column\" data-e-type=\"column\">\n\t\t\t<div class=\"elementor-widget-wrap elementor-element-populated\">\n\t\t\t\t\t\t<div class=\"elementor-element elementor-element-ad3c724 elementor-widget elementor-widget-heading\" data-id=\"ad3c724\" data-element_type=\"widget\" data-e-type=\"widget\" data-widget_type=\"heading.default\">\n\t\t\t\t<div class=\"elementor-widget-container\">\n\t\t\t\t\t<h1 class=\"elementor-heading-title elementor-size-default\">Geschichte<\/h1>\t\t\t\t<\/div>\n\t\t\t\t<\/div>\n\t\t\t\t<div class=\"elementor-element elementor-element-da2e9c2 elementor-widget elementor-widget-heading\" data-id=\"da2e9c2\" data-element_type=\"widget\" data-e-type=\"widget\" data-widget_type=\"heading.default\">\n\t\t\t\t<div class=\"elementor-widget-container\">\n\t\t\t\t\t<h3 class=\"elementor-heading-title elementor-size-default\">Middelburg wurde im 9. Jahrhundert gegr\u00fcndet, als die Wikinger bei ihrer Eroberung Europa betraten. Zum Schutz vor den Einf\u00e4llen der Landeroberer wird ein Ringwall errichtet, eine Festung, um die herum ein hoher Erdwall errichtet wurde. Es ist das \u201eMittelschloss\u201c von Walcheren, sp\u00e4ter Middelburg.<\/h3>\t\t\t\t<\/div>\n\t\t\t\t<\/div>\n\t\t\t\t<div class=\"elementor-element elementor-element-d553ba7 elementor-widget elementor-widget-text-editor\" data-id=\"d553ba7\" data-element_type=\"widget\" data-e-type=\"widget\" data-widget_type=\"text-editor.default\">\n\t\t\t\t<div class=\"elementor-widget-container\">\n\t\t\t\t\t\t\t\t\t<div id=\"sppb-addon-wrapper-1615468022287\" class=\"sppb-addon-wrapper\"><div id=\"sppb-addon-1615468022287\" class=\"clearfix\"><div class=\"sppb-addon sppb-addon-text-block\"><p>Sobald die Bedrohung vor\u00fcber ist, beginnt die Burg, ihre g\u00fcnstige Lage am Fluss Arne auszunutzen. Es entwickelt sich zu einem lebendigen Handelszentrum. Als im 12. Jahrhundert Norbertinerm\u00f6nche in der Festung eine Abtei errichteten, kam es zu einer zweiten Bl\u00fctezeit. Im Jahr 1217 erhielt Middelburg die Stadtrechte.<\/p><p>Nach der Einnahme von Den Briel im Jahr 1572 blieb die Bev\u00f6lkerung zun\u00e4chst dem spanischen K\u00f6nig treu, doch 1574 musste sich auch Middelburg Wilhelm von Oranien anschlie\u00dfen. Die Pr\u00e4monstratenser m\u00fcssen abziehen und die Abtei f\u00e4llt in die H\u00e4nde der Landesregierung, die bis heute dort ihren Sitz hat.<\/p><p><strong>VOC<br \/><\/strong>Zur Zeit der VOC war Middelburg nach Amsterdam die wichtigste Stadt der Niederlande. Schiffbauer bauen in den Werften in 200 Jahren mehr als 300 neue Schiffe, auch der Import und Export von Stoffen, Tee und Gew\u00fcrzen spielt eine gro\u00dfe Rolle. Doch 1799 war die Bl\u00fctezeit der VOC vorbei. Das Unternehmen ist bankrott und die franz\u00f6sische \u00c4ra beginnt. Das tut der Stadt nicht gut. Die Franzosen lie\u00dfen Middelburg im fr\u00fchen 19. Jahrhundert verarmt zur\u00fcck und viele Geb\u00e4ude, Stadtmauern und Stadttore verschwanden. Dennoch stehen noch mehr als 1.000 gesetzlich eingetragene Denkm\u00e4ler.<\/p><p><strong>Der Zweite Weltkrieg bis zur Gegenwart<br \/><\/strong>W\u00e4hrend des Zweiten Weltkriegs ging ein gro\u00dfer Teil von Middelburg durch eine Bombardierung in Flammen auf. Aufgrund der Fr\u00fchwarnung ist die Zahl der Toten relativ gering, die Innenstadt liegt jedoch gr\u00f6\u00dftenteils in Tr\u00fcmmern.<\/p><p>Es wird beschlossen, die bestehende Architektur, einschlie\u00dflich des Rathauses, im urspr\u00fcnglichen Stil zu renovieren oder umzubauen. Dadurch konnte Middelburg seinen historischen Charakter bewahren.<\/p><\/div><\/div><\/div>\t\t\t\t\t\t\t\t<\/div>\n\t\t\t\t<\/div>\n\t\t\t\t\t<\/div>\n\t\t<\/div>\n\t\t\t\t<div class=\"elementor-column elementor-col-50 elementor-top-column elementor-element elementor-element-55464d6\" data-id=\"55464d6\" data-element_type=\"column\" data-e-type=\"column\">\n\t\t\t<div class=\"elementor-widget-wrap elementor-element-populated\">\n\t\t\t\t\t\t<div class=\"elementor-element elementor-element-ec0285c elementor-widget elementor-widget-image\" data-id=\"ec0285c\" data-element_type=\"widget\" data-e-type=\"widget\" data-widget_type=\"image.default\">\n\t\t\t\t<div class=\"elementor-widget-container\">\n\t\t\t\t\t\t\t\t\t\t\t\t\t\t\t<img fetchpriority=\"high\" decoding=\"async\" width=\"800\" height=\"800\" src=\"https:\/\/www.hoteltheroosevelt.com\/wp-content\/uploads\/2023\/09\/Stadhuis-1-1024x1024.png\" class=\"attachment-large size-large wp-image-981\" alt=\"\" srcset=\"https:\/\/www.hoteltheroosevelt.com\/wp-content\/uploads\/2023\/09\/Stadhuis-1-1024x1024.png 1024w, https:\/\/www.hoteltheroosevelt.com\/wp-content\/uploads\/2023\/09\/Stadhuis-1-300x300.png 300w, https:\/\/www.hoteltheroosevelt.com\/wp-content\/uploads\/2023\/09\/Stadhuis-1-150x150.png 150w, https:\/\/www.hoteltheroosevelt.com\/wp-content\/uploads\/2023\/09\/Stadhuis-1-768x768.png 768w, https:\/\/www.hoteltheroosevelt.com\/wp-content\/uploads\/2023\/09\/Stadhuis-1-12x12.png 12w, https:\/\/www.hoteltheroosevelt.com\/wp-content\/uploads\/2023\/09\/Stadhuis-1.png 1080w\" sizes=\"(max-width: 800px) 100vw, 800px\" title=\"\">\t\t\t\t\t\t\t\t\t\t\t\t\t\t\t<\/div>\n\t\t\t\t<\/div>\n\t\t\t\t\t<\/div>\n\t\t<\/div>\n\t\t\t\t\t<\/div>\n\t\t<\/section>\n\t\t\t\t<section class=\"elementor-section elementor-top-section elementor-element elementor-element-6911ec3 elementor-section-boxed elementor-section-height-default elementor-section-height-default\" data-id=\"6911ec3\" data-element_type=\"section\" data-e-type=\"section\">\n\t\t\t\t\t\t<div class=\"elementor-container elementor-column-gap-default\">\n\t\t\t\t\t<div class=\"elementor-column elementor-col-50 elementor-top-column elementor-element elementor-element-5deb8a4\" data-id=\"5deb8a4\" data-element_type=\"column\" data-e-type=\"column\">\n\t\t\t<div class=\"elementor-widget-wrap elementor-element-populated\">\n\t\t\t\t\t\t<div class=\"elementor-element elementor-element-d33a6b0 elementor-widget elementor-widget-image\" data-id=\"d33a6b0\" data-element_type=\"widget\" data-e-type=\"widget\" data-widget_type=\"image.default\">\n\t\t\t\t<div class=\"elementor-widget-container\">\n\t\t\t\t\t\t\t\t\t\t\t\t\t\t\t<img decoding=\"async\" width=\"800\" height=\"800\" src=\"https:\/\/www.hoteltheroosevelt.com\/wp-content\/uploads\/2023\/09\/abdij-1024x1024.png\" class=\"attachment-large size-large wp-image-975\" alt=\"\" srcset=\"https:\/\/www.hoteltheroosevelt.com\/wp-content\/uploads\/2023\/09\/abdij-1024x1024.png 1024w, https:\/\/www.hoteltheroosevelt.com\/wp-content\/uploads\/2023\/09\/abdij-300x300.png 300w, https:\/\/www.hoteltheroosevelt.com\/wp-content\/uploads\/2023\/09\/abdij-150x150.png 150w, https:\/\/www.hoteltheroosevelt.com\/wp-content\/uploads\/2023\/09\/abdij-768x768.png 768w, https:\/\/www.hoteltheroosevelt.com\/wp-content\/uploads\/2023\/09\/abdij-12x12.png 12w, https:\/\/www.hoteltheroosevelt.com\/wp-content\/uploads\/2023\/09\/abdij.png 1080w\" sizes=\"(max-width: 800px) 100vw, 800px\" title=\"\">\t\t\t\t\t\t\t\t\t\t\t\t\t\t\t<\/div>\n\t\t\t\t<\/div>\n\t\t\t\t\t<\/div>\n\t\t<\/div>\n\t\t\t\t<div class=\"elementor-column elementor-col-50 elementor-top-column elementor-element elementor-element-e25ee0b\" data-id=\"e25ee0b\" data-element_type=\"column\" data-e-type=\"column\">\n\t\t\t<div class=\"elementor-widget-wrap elementor-element-populated\">\n\t\t\t\t\t\t<div class=\"elementor-element elementor-element-2690d50 elementor-widget elementor-widget-text-editor\" data-id=\"2690d50\" data-element_type=\"widget\" data-e-type=\"widget\" data-widget_type=\"text-editor.default\">\n\t\t\t\t<div class=\"elementor-widget-container\">\n\t\t\t\t\t\t\t\t\t<p><strong>Studentenstadt<br \/><\/strong>Heute leben fast 50.000 Menschen in der Gemeinde Middelburg. Die Provinzregierung hat ihren Sitz in der Hauptstadt Zeelands. Seit der Gr\u00fcndung des University College Roosevelt (UCR) im Jahr 2004 ist Middelburg auch eine echte Studentenstadt.<br \/><a href=\"https:\/\/www.uitinmiddelburg.nl\/nl\/over-middelburg\/historie.htm#:~:text=Middelburg%20is%20ontstaan%20in%20de,van%20Walcheren%2C%20het%20latere%20Middelburg\" target=\"_blank\" rel=\"noopener\">Quelle<\/a><\/p><p><strong>Sehensw\u00fcrdigkeiten und Denkm\u00e4ler in Middelburg<br \/><\/strong><em>Middelburg hat eine reiche Vergangenheit und das merkt man. Schlendern Sie durch die Stadt und bestaunen Sie Denkm\u00e4ler, imposante Fassaden, alte Stra\u00dfen und Pl\u00e4tze. Hier erleben Sie die Geschichte der Hauptstadt Zeelands.<\/em><\/p><p><strong>Goldene Zeiten<br \/><\/strong>Im Goldenen Zeitalter war Middelburg nach Amsterdam die wichtigste Stadt der Niederlande. Viele Haus- und Stra\u00dfennamen erinnern an die reiche Handelsgeschichte der Stadt. Im Zentrum von Middelburg k\u00f6nnen Sie noch immer Geb\u00e4ude sehen, die an diese goldene Zeit erinnern. Die Stadt verf\u00fcgt \u00fcber mehr als 1.100 gesch\u00fctzte Nationaldenkm\u00e4ler. In diesem historischen Ambiente finden Sie heute viele Gesch\u00e4fte, Terrassen und Restaurants.<\/p><p><strong>Lange Jan, das Zentrum der Stadt<br \/><\/strong>Im Stadtzentrum von Middelburg und weit dar\u00fcber hinaus sollten Sie sich den Abteiturm Lange Jan nicht entgehen lassen. \u00dcber allem thront der imposante Abbey Tower. In den Sommermonaten k\u00f6nnen Sie die 207 Stufen des Turms erklimmen und einen ph\u00e4nomenalen Ausblick auf Middelburg und die Umgebung genie\u00dfen. Auch wenn es dunkel wird, sind alle Scheinwerfer auf den Langen Jan gerichtet und er ist das leuchtende Zentrum der Stadt. Interessante Tatsache: De Lange Jan liegt buchst\u00e4blich neben unserem Geb\u00e4ude!<\/p><p><strong>Die Abtei von Middelburg, Perle der Stadt<br \/><\/strong>Eine der Perlen der Stadt ist die Abtei Middelburg. Bis 1574 diente es als Kloster, sp\u00e4ter als Sitz der Landesregierung. Der Komplex hat eine lange Geschichte, in der er mehrmals restauriert wurde. Nach verheerenden Bombenangriffen im Zweiten Weltkrieg wurde die Abtei wieder aufgebaut. Heutzutage ist die Provinz Zeeland immer noch in der Abtei ans\u00e4ssig. Der Abdijplein ist regelm\u00e4\u00dfig Schauplatz kultureller Veranstaltungen, darunter das Zeeland Late Summer Festival und das Zeeland Ring Riding.<\/p><p><strong>Charakteristisches Rathaus<br \/><\/strong>Das mittelalterliche Rathaus ist eines der charakteristischsten Geb\u00e4ude im Zentrum von Middelburg. Dieses Nationaldenkmal hat sich seit seiner Erbauung im 16. Jahrhundert stark ver\u00e4ndert. Der Rathausturm wird von den Einheimischen auch \u201eMalle Betje\u201c genannt, weil die Uhr nachl\u00e4uft und sp\u00e4ter als Lange Jan schl\u00e4gt. Nach dem Zweiten Weltkrieg musste das Rathaus weitgehend neu aufgebaut werden. Die Beleuchtung der Fassade sorgt vor allem am Abend f\u00fcr ein bewundernswertes Ganzes.<\/p>\t\t\t\t\t\t\t\t<\/div>\n\t\t\t\t<\/div>\n\t\t\t\t\t<\/div>\n\t\t<\/div>\n\t\t\t\t\t<\/div>\n\t\t<\/section>\n\t\t\t\t<section class=\"elementor-section elementor-top-section elementor-element elementor-element-b010c79 elementor-section-content-middle elementor-section-boxed elementor-section-height-default elementor-section-height-default\" data-id=\"b010c79\" data-element_type=\"section\" data-e-type=\"section\">\n\t\t\t\t\t\t<div class=\"elementor-container elementor-column-gap-wide\">\n\t\t\t\t\t<div class=\"elementor-column elementor-col-50 elementor-top-column elementor-element elementor-element-7b1aa8b\" data-id=\"7b1aa8b\" data-element_type=\"column\" data-e-type=\"column\">\n\t\t\t<div class=\"elementor-widget-wrap elementor-element-populated\">\n\t\t\t\t\t\t<div class=\"elementor-element elementor-element-fc1e3f4 elementor-widget elementor-widget-heading\" data-id=\"fc1e3f4\" data-element_type=\"widget\" data-e-type=\"widget\" data-widget_type=\"heading.default\">\n\t\t\t\t<div class=\"elementor-widget-container\">\n\t\t\t\t\t<h2 class=\"elementor-heading-title elementor-size-default\">Wie kam das Boutique Hotel The Roosevelt zu seinem Namen?<\/h2>\t\t\t\t<\/div>\n\t\t\t\t<\/div>\n\t\t\t\t<div class=\"elementor-element elementor-element-217473d elementor-widget elementor-widget-heading\" data-id=\"217473d\" data-element_type=\"widget\" data-e-type=\"widget\" data-widget_type=\"heading.default\">\n\t\t\t\t<div class=\"elementor-widget-container\">\n\t\t\t\t\t<h3 class=\"elementor-heading-title elementor-size-default\">Das Boutique-Hotel The Roosevelt verdankt seinen Namen Franklin Delano Roosevelt (1882-1945), Pr\u00e4sident der Vereinigten Staaten zwischen 1933 und 1945. Seine Vorfahren stammen aus Zeeland und die Familie unterh\u00e4lt enge Beziehungen zu den Niederlanden und Zeeland.<\/h3>\t\t\t\t<\/div>\n\t\t\t\t<\/div>\n\t\t\t\t<div class=\"elementor-element elementor-element-c0f82e4 elementor-widget elementor-widget-text-editor\" data-id=\"c0f82e4\" data-element_type=\"widget\" data-e-type=\"widget\" data-widget_type=\"text-editor.default\">\n\t\t\t\t<div class=\"elementor-widget-container\">\n\t\t\t\t\t\t\t\t\t<div id=\"sppb-addon-wrapper-1615468022287\" class=\"sppb-addon-wrapper\"><div id=\"sppb-addon-1615468022287\" class=\"clearfix\"><div class=\"sppb-addon sppb-addon-text-block\"><p>Er war der einzige Pr\u00e4sident, der viermal hintereinander gew\u00e4hlt wurde. Er setzte die New-Deal-Politik um, ein Programm, das Amerika helfen sollte, nach der Weltwirtschaftskrise der 1930er Jahre wieder auf den richtigen Weg zu kommen. Nach Ausbruch des Zweiten Weltkriegs in Europa war er davon \u00fcberzeugt, dass Amerika nicht weiterhin tatenlos zusehen d\u00fcrfe. Seine Rede zur Lage der Nation (Thronrede), die er am 6. Januar 1941 hielt, sollte in erster Linie den Kongress \u2013 das amerikanische Parlament \u2013 davon \u00fcberzeugen, dass die USA eingreifen sollten.<br \/><br \/><strong>Feiern Sie Freiheiten<\/strong><br \/>In seiner Rede stellte er die \u201eVier Freiheiten\u201c vor: vier wesentliche Freiheiten, die jedem auf der Welt zug\u00e4nglich sein m\u00fcssen.<\/p><p>Diese vier Freiheiten sind:<\/p><ul><li>Redefreiheit<\/li><li>Religionsfreiheit<\/li><li>Freiheit von M\u00e4ngeln<\/li><li>Freiheit von Angst<\/li><\/ul><p>Mit diesem Appell an einen der gr\u00f6\u00dften und wichtigsten Werte der amerikanischen Gesellschaft \u2013 die Freiheit \u2013 hoffte er, den Kongress davon zu \u00fcberzeugen, dass Amerika seiner Verantwortung gerecht werden und sich einer Beteiligung am Zweiten Weltkrieg nicht entziehen darf.<\/p><\/div><\/div><\/div>\t\t\t\t\t\t\t\t<\/div>\n\t\t\t\t<\/div>\n\t\t\t\t\t<\/div>\n\t\t<\/div>\n\t\t\t\t<div class=\"elementor-column elementor-col-50 elementor-top-column elementor-element elementor-element-b64fcfa\" data-id=\"b64fcfa\" data-element_type=\"column\" data-e-type=\"column\">\n\t\t\t<div class=\"elementor-widget-wrap elementor-element-populated\">\n\t\t\t\t\t\t<div class=\"elementor-element elementor-element-9d8b24d elementor-widget elementor-widget-image\" data-id=\"9d8b24d\" data-element_type=\"widget\" data-e-type=\"widget\" data-widget_type=\"image.default\">\n\t\t\t\t<div class=\"elementor-widget-container\">\n\t\t\t\t\t\t\t\t\t\t\t\t\t\t\t<img decoding=\"async\" width=\"800\" height=\"800\" src=\"https:\/\/www.hoteltheroosevelt.com\/wp-content\/uploads\/2023\/09\/Franklin-D.-Roosevelt-1024x1024.png\" class=\"attachment-large size-large wp-image-972\" alt=\"\" srcset=\"https:\/\/www.hoteltheroosevelt.com\/wp-content\/uploads\/2023\/09\/Franklin-D.-Roosevelt-1024x1024.png 1024w, https:\/\/www.hoteltheroosevelt.com\/wp-content\/uploads\/2023\/09\/Franklin-D.-Roosevelt-300x300.png 300w, https:\/\/www.hoteltheroosevelt.com\/wp-content\/uploads\/2023\/09\/Franklin-D.-Roosevelt-150x150.png 150w, https:\/\/www.hoteltheroosevelt.com\/wp-content\/uploads\/2023\/09\/Franklin-D.-Roosevelt-768x768.png 768w, https:\/\/www.hoteltheroosevelt.com\/wp-content\/uploads\/2023\/09\/Franklin-D.-Roosevelt-12x12.png 12w, https:\/\/www.hoteltheroosevelt.com\/wp-content\/uploads\/2023\/09\/Franklin-D.-Roosevelt.png 1080w\" sizes=\"(max-width: 800px) 100vw, 800px\" title=\"\">\t\t\t\t\t\t\t\t\t\t\t\t\t\t\t<\/div>\n\t\t\t\t<\/div>\n\t\t\t\t\t<\/div>\n\t\t<\/div>\n\t\t\t\t\t<\/div>\n\t\t<\/section>\n\t\t\t\t<section class=\"elementor-section elementor-top-section elementor-element elementor-element-a88d283 elementor-section-boxed elementor-section-height-default elementor-section-height-default\" data-id=\"a88d283\" data-element_type=\"section\" data-e-type=\"section\">\n\t\t\t\t\t\t<div class=\"elementor-container elementor-column-gap-default\">\n\t\t\t\t\t<div class=\"elementor-column elementor-col-50 elementor-top-column elementor-element elementor-element-7dcfc6d\" data-id=\"7dcfc6d\" data-element_type=\"column\" data-e-type=\"column\">\n\t\t\t<div class=\"elementor-widget-wrap elementor-element-populated\">\n\t\t\t\t\t\t<div class=\"elementor-element elementor-element-b50b567 elementor-widget elementor-widget-image\" data-id=\"b50b567\" data-element_type=\"widget\" data-e-type=\"widget\" data-widget_type=\"image.default\">\n\t\t\t\t<div class=\"elementor-widget-container\">\n\t\t\t\t\t\t\t\t\t\t\t\t\t\t\t<img loading=\"lazy\" decoding=\"async\" width=\"800\" height=\"800\" src=\"https:\/\/www.hoteltheroosevelt.com\/wp-content\/uploads\/2023\/09\/Four-freedoms-1024x1024.png\" class=\"attachment-large size-large wp-image-977\" alt=\"\" srcset=\"https:\/\/www.hoteltheroosevelt.com\/wp-content\/uploads\/2023\/09\/Four-freedoms-1024x1024.png 1024w, https:\/\/www.hoteltheroosevelt.com\/wp-content\/uploads\/2023\/09\/Four-freedoms-300x300.png 300w, https:\/\/www.hoteltheroosevelt.com\/wp-content\/uploads\/2023\/09\/Four-freedoms-150x150.png 150w, https:\/\/www.hoteltheroosevelt.com\/wp-content\/uploads\/2023\/09\/Four-freedoms-768x768.png 768w, https:\/\/www.hoteltheroosevelt.com\/wp-content\/uploads\/2023\/09\/Four-freedoms-12x12.png 12w, https:\/\/www.hoteltheroosevelt.com\/wp-content\/uploads\/2023\/09\/Four-freedoms.png 1080w\" sizes=\"(max-width: 800px) 100vw, 800px\" title=\"\">\t\t\t\t\t\t\t\t\t\t\t\t\t\t\t<\/div>\n\t\t\t\t<\/div>\n\t\t\t\t\t<\/div>\n\t\t<\/div>\n\t\t\t\t<div class=\"elementor-column elementor-col-50 elementor-top-column elementor-element elementor-element-a748654\" data-id=\"a748654\" data-element_type=\"column\" data-e-type=\"column\">\n\t\t\t<div class=\"elementor-widget-wrap elementor-element-populated\">\n\t\t\t\t\t\t<div class=\"elementor-element elementor-element-377e959 elementor-widget elementor-widget-text-editor\" data-id=\"377e959\" data-element_type=\"widget\" data-e-type=\"widget\" data-widget_type=\"text-editor.default\">\n\t\t\t\t<div class=\"elementor-widget-container\">\n\t\t\t\t\t\t\t\t\t<p><strong>Eleanor Roosevelt<\/strong><br \/>Seine Frau, Eleanor Roosevelt, machte seine Ideen auch nach dem Tod ihres Mannes am 12. April 1945 weltweit bekannt. Es war unter anderem Eleanors Bem\u00fchungen zu verdanken, dass Roosevelts Vier Freiheiten nach dem Krieg zum Standard der Menschenrechte wurden. Die Vier Freiheiten wurden im April 1945 in die Charta der Vereinten Nationen aufgenommen. Sie bildeten teilweise die Grundlage f\u00fcr die Allgemeine Erkl\u00e4rung der Menschenrechte von 1948. Eleanor war ma\u00dfgeblich an deren Ausarbeitung beteiligt.<\/p><p><strong>Vier Freiheitspreise<\/strong><br \/>Als 1982 das Gedenken an zweihundert Jahre Beziehungen zwischen den Vereinigten Staaten und den Niederlanden mit dem 100. Geburtstag von Franklin Delano Roosevelt zusammenfiel, wurde im Geiste von Roosevelts Freiheiten eine Auszeichnung ins Leben gerufen: die Four Freedoms Awards.<\/p><p>Jedes Jahr wird f\u00fcr jede der vier Freiheiten eine Auszeichnung verliehen, au\u00dferdem der International Four Freedoms Award (ein allgemeiner Freiheitspreis). Die erste Preisverleihung fand 1982 in der Nieuwe Kerk in Middelburg, direkt gegen\u00fcber unserem Hotel, statt. Seitdem haben die Auszeichnungen alle zwei Jahre prominente Pers\u00f6nlichkeiten und Menschenrechtsk\u00e4mpfer nach Middelburg gebracht.<\/p><p>Zu den bekannten Preistr\u00e4gern z\u00e4hlen Nelson Mandela, Olof Palme, Malala, Dr. Mukwege, Angela Merkel, Malala, V\u00e1clav Havel und der Dalai Lama.<\/p><p>In Middelburg sind zwei weitere Institutionen eng mit den Ideen der Roosevelts verbunden: das Roosevelt Study Center (1986), das die amerikanische Geschichte erforscht, und das University College Roosevelt (2004).<\/p><p><strong>Von Roosevelts Enkelkindern er\u00f6ffnet<\/strong><br \/>W\u00e4hrend der Verleihung der Four Freedom Awards werden die Nachkommen von Franklin und Eleanor Roosevelt sowie die Preistr\u00e4ger in unserem Hotel \u00fcbernachten. Im Jahr 2016 er\u00f6ffneten Anne und Elliott Roosevelt, Enkel von Franklin Delano Roosevelt, unser Hotel offiziell.<\/p>\t\t\t\t\t\t\t\t<\/div>\n\t\t\t\t<\/div>\n\t\t\t\t\t<\/div>\n\t\t<\/div>\n\t\t\t\t\t<\/div>\n\t\t<\/section>\n\t\t\t\t<\/div>","protected":false},"excerpt":{"rendered":"<p>Geschiedenis Middelburg is ontstaan in de 9e eeuw toen de Vikingen op veroveringstocht Europa introkken.\u00a0Als bescherming tegen de invallen van de landveroveraars wordt een ringwalburg opgeworpen, een vesting waaromheen een hoge aarden wal\u00a0is gebouwd. Het is de \u2018Middelste Burcht\u2019 van Walcheren, het latere Middelburg. Als de dreiging voorbij is, begint de burcht te profiteren van [&hellip;]<\/p>\n","protected":false},"author":2,"featured_media":0,"parent":747,"menu_order":0,"comment_status":"closed","ping_status":"closed","template":"","meta":{"footnotes":""},"class_list":["post-755","page","type-page","status-publish","hentry"],"_links":{"self":[{"href":"https:\/\/www.hoteltheroosevelt.com\/de\/wp-json\/wp\/v2\/pages\/755","targetHints":{"allow":["GET"]}}],"collection":[{"href":"https:\/\/www.hoteltheroosevelt.com\/de\/wp-json\/wp\/v2\/pages"}],"about":[{"href":"https:\/\/www.hoteltheroosevelt.com\/de\/wp-json\/wp\/v2\/types\/page"}],"author":[{"embeddable":true,"href":"https:\/\/www.hoteltheroosevelt.com\/de\/wp-json\/wp\/v2\/users\/2"}],"replies":[{"embeddable":true,"href":"https:\/\/www.hoteltheroosevelt.com\/de\/wp-json\/wp\/v2\/comments?post=755"}],"version-history":[{"count":22,"href":"https:\/\/www.hoteltheroosevelt.com\/de\/wp-json\/wp\/v2\/pages\/755\/revisions"}],"predecessor-version":[{"id":3200,"href":"https:\/\/www.hoteltheroosevelt.com\/de\/wp-json\/wp\/v2\/pages\/755\/revisions\/3200"}],"up":[{"embeddable":true,"href":"https:\/\/www.hoteltheroosevelt.com\/de\/wp-json\/wp\/v2\/pages\/747"}],"wp:attachment":[{"href":"https:\/\/www.hoteltheroosevelt.com\/de\/wp-json\/wp\/v2\/media?parent=755"}],"curies":[{"name":"wp","href":"https:\/\/api.w.org\/{rel}","templated":true}]}}